{"id":8726,"date":"2023-02-03T12:43:39","date_gmt":"2023-02-03T11:43:39","guid":{"rendered":"https:\/\/lapresencia-criollos.com\/ueber-uns\/"},"modified":"2024-08-29T15:01:34","modified_gmt":"2024-08-29T13:01:34","slug":"quienes-somos","status":"publish","type":"page","link":"https:\/\/lapresencia-criollos.com\/es\/quienes-somos\/","title":{"rendered":"Quienes somos"},"content":{"rendered":"[vc_row type=\u00bbfull_width_content\u00bb full_screen_row_position=\u00bbmiddle\u00bb column_margin=\u00bbdefault\u00bb column_direction=\u00bbdefault\u00bb column_direction_tablet=\u00bbdefault\u00bb column_direction_phone=\u00bbdefault\u00bb scene_position=\u00bbcenter\u00bb top_padding=\u00bb5%\u00bb bottom_padding=\u00bb5%\u00bb left_padding_desktop=\u00bb6%\u00bb constrain_group_2=\u00bbyes\u00bb right_padding_desktop=\u00bb6%\u00bb top_padding_tablet=\u00bb10%\u00bb constrain_group_3=\u00bbyes\u00bb bottom_padding_tablet=\u00bb10%\u00bb text_color=\u00bbdark\u00bb text_align=\u00bbleft\u00bb row_border_radius=\u00bbnone\u00bb row_border_radius_applies=\u00bbbg\u00bb overflow=\u00bbvisible\u00bb id=\u00bbteam\u00bb disable_element=\u00bbyes\u00bb advanced_gradient_angle=\u00bb0&#8243; overlay_strength=\u00bb0.3&#8243; gradient_direction=\u00bbleft_to_right\u00bb shape_divider_position=\u00bbbottom\u00bb bg_image_animation=\u00bbnone\u00bb gradient_type=\u00bbdefault\u00bb shape_type=\u00bb\u00bb][vc_column column_padding=\u00bbno-extra-padding\u00bb column_padding_tablet=\u00bbinherit\u00bb column_padding_phone=\u00bbinherit\u00bb column_padding_position=\u00bball\u00bb column_element_direction_desktop=\u00bbdefault\u00bb column_element_spacing=\u00bbdefault\u00bb desktop_text_alignment=\u00bbdefault\u00bb tablet_text_alignment=\u00bbdefault\u00bb phone_text_alignment=\u00bbdefault\u00bb sticky_content=\u00bbtrue\u00bb sticky_content_functionality=\u00bbcss\u00bb sticky_content_alignment=\u00bbdefault\u00bb background_color_opacity=\u00bb1&#8243; background_hover_color_opacity=\u00bb1&#8243; column_backdrop_filter=\u00bbnone\u00bb column_shadow=\u00bbnone\u00bb column_border_radius=\u00bbnone\u00bb column_link_target=\u00bb_self\u00bb column_position=\u00bbdefault\u00bb advanced_gradient_angle=\u00bb0&#8243; gradient_direction=\u00bbleft_to_right\u00bb overlay_strength=\u00bb0.3&#8243; width=\u00bb1\/3&#8243; tablet_width_inherit=\u00bbdefault\u00bb animation_type=\u00bbdefault\u00bb enable_animation=\u00bbtrue\u00bb animation=\u00bbfade-in-from-bottom\u00bb animation_easing=\u00bbdefault\u00bb bg_image_animation=\u00bbnone\u00bb border_type=\u00bbsimple\u00bb column_border_width=\u00bbnone\u00bb column_border_style=\u00bbsolid\u00bb gradient_type=\u00bbdefault\u00bb][split_line_heading animation_type=\u00bbline-reveal-by-space\u00bb font_style=\u00bbh2&#8243; line_reveal_by_space_text_effect=\u00bbnone\u00bb content_alignment=\u00bbdefault\u00bb mobile_content_alignment=\u00bbinherit\u00bb link_target=\u00bb_self\u00bb text_content=\u00bbDas Team\u00bb font_size=\u00bb3vw\u00bb][\/split_line_heading][split_line_heading animation_type=\u00bbline-reveal-by-space\u00bb font_style=\u00bbp\u00bb line_reveal_by_space_text_effect=\u00bbnone\u00bb content_alignment=\u00bbdefault\u00bb mobile_content_alignment=\u00bbinherit\u00bb link_target=\u00bb_self\u00bb text_content=\u00bbThe Big Oxmox advised her not to do so, because there were thousands of bad Commas, wild Question Marks and devious Semikoli, but the Little Blind Text didn\u2019t listen. She packed her seven versalia, put her initial into the belt and made herself on the way. l using her. Far far away, behind the word mountains, far from the countries Vokalia and Consonantia, there live the blind texts. Separated they live in Bookmarksgrove right at the coast of the Semantics\u00bb font_size=\u00bb1.1vw\u00bb font_line_height=\u00bb1.7&#8243; font_size_tablet=\u00bb18&#8243; font_size_phone=\u00bb16&#8243;][\/split_line_heading][vc_row_inner column_margin=\u00bbdefault\u00bb column_direction=\u00bbdefault\u00bb column_direction_tablet=\u00bbdefault\u00bb column_direction_phone=\u00bbdefault\u00bb left_padding_desktop=\u00bb8%\u00bb constrain_group_2=\u00bbyes\u00bb right_padding_desktop=\u00bb8%\u00bb left_padding_phone=\u00bb0&#8243; constrain_group_6=\u00bbyes\u00bb right_padding_phone=\u00bb0&#8243; text_align=\u00bbleft\u00bb row_position=\u00bbdefault\u00bb row_position_tablet=\u00bbinherit\u00bb row_position_phone=\u00bbinherit\u00bb overflow=\u00bbvisible\u00bb pointer_events=\u00bball\u00bb][vc_column_inner column_padding=\u00bbno-extra-padding\u00bb column_padding_tablet=\u00bbinherit\u00bb column_padding_phone=\u00bbinherit\u00bb column_padding_position=\u00bball\u00bb column_element_direction_desktop=\u00bbdefault\u00bb column_element_spacing=\u00bbdefault\u00bb desktop_text_alignment=\u00bbdefault\u00bb tablet_text_alignment=\u00bbdefault\u00bb phone_text_alignment=\u00bbdefault\u00bb background_color_opacity=\u00bb1&#8243; background_hover_color_opacity=\u00bb1&#8243; column_backdrop_filter=\u00bbnone\u00bb column_shadow=\u00bbnone\u00bb column_border_radius=\u00bbnone\u00bb column_link_target=\u00bb_self\u00bb overflow=\u00bbvisible\u00bb advanced_gradient_angle=\u00bb0&#8243; gradient_direction=\u00bbleft_to_right\u00bb overlay_strength=\u00bb0.3&#8243; width=\u00bb1\/1&#8243; tablet_width_inherit=\u00bbdefault\u00bb animation_type=\u00bbdefault\u00bb bg_image_animation=\u00bbnone\u00bb border_type=\u00bbsimple\u00bb column_border_width=\u00bbnone\u00bb column_border_style=\u00bbsolid\u00bb gradient_type=\u00bbdefault\u00bb][divider line_type=\u00bbVertical Line\u00bb divider_color=\u00bbblack\u00bb custom_height=\u00bb35&#8243;][nectar_single_testimonial testimonial_style=\u00bbbasic\u00bb image=\u00bbhttps:\/\/source.unsplash.com\/weekly?smile\u00bb quote=\u00bbMeinem Pferd geht&#8217;s gut &#8230; wild Question Marks and devious Semikoli, but the Little Blind Text didn\u2019t listen.\u00bb name=\u00bbJosh Margolis\u00bb subtitle=\u00bbPensionsgast\u00bb][\/vc_column_inner][\/vc_row_inner][\/vc_column][vc_column column_padding=\u00bbpadding-6-percent\u00bb column_padding_tablet=\u00bbno-extra-padding\u00bb column_padding_phone=\u00bbno-extra-padding\u00bb column_padding_position=\u00bbleft\u00bb column_element_direction_desktop=\u00bbdefault\u00bb column_element_spacing=\u00bb0px\u00bb desktop_text_alignment=\u00bbdefault\u00bb tablet_text_alignment=\u00bbdefault\u00bb phone_text_alignment=\u00bbdefault\u00bb background_color_opacity=\u00bb1&#8243; background_hover_color_opacity=\u00bb1&#8243; column_backdrop_filter=\u00bbnone\u00bb column_shadow=\u00bbnone\u00bb column_border_radius=\u00bbnone\u00bb column_link_target=\u00bb_self\u00bb column_position=\u00bbdefault\u00bb advanced_gradient_angle=\u00bb0&#8243; gradient_direction=\u00bbleft_to_right\u00bb overlay_strength=\u00bb0.3&#8243; width=\u00bb2\/3&#8243; tablet_width_inherit=\u00bbdefault\u00bb animation_type=\u00bbdefault\u00bb bg_image_animation=\u00bbnone\u00bb border_type=\u00bbsimple\u00bb column_border_width=\u00bbnone\u00bb column_border_style=\u00bbsolid\u00bb gradient_type=\u00bbdefault\u00bb][vc_row_inner column_margin=\u00bb30px\u00bb column_direction=\u00bbdefault\u00bb column_direction_tablet=\u00bbdefault\u00bb column_direction_phone=\u00bbdefault\u00bb bottom_padding=\u00bb20&#8243; top_padding_tablet=\u00bb40&#8243; bottom_padding_tablet=\u00bb0&#8243; text_align=\u00bbleft\u00bb row_position=\u00bbdefault\u00bb row_position_tablet=\u00bbinherit\u00bb row_position_phone=\u00bbinherit\u00bb overflow=\u00bbvisible\u00bb pointer_events=\u00bball\u00bb][vc_column_inner column_padding=\u00bbno-extra-padding\u00bb column_padding_tablet=\u00bbinherit\u00bb column_padding_phone=\u00bbinherit\u00bb column_padding_position=\u00bball\u00bb column_element_direction_desktop=\u00bbdefault\u00bb column_element_spacing=\u00bbdefault\u00bb desktop_text_alignment=\u00bbdefault\u00bb tablet_text_alignment=\u00bbdefault\u00bb phone_text_alignment=\u00bbdefault\u00bb background_color_opacity=\u00bb1&#8243; background_hover_color_opacity=\u00bb1&#8243; column_backdrop_filter=\u00bbnone\u00bb column_shadow=\u00bbnone\u00bb column_border_radius=\u00bbnone\u00bb column_link_target=\u00bb_self\u00bb overflow=\u00bbvisible\u00bb advanced_gradient_angle=\u00bb0&#8243; gradient_direction=\u00bbleft_to_right\u00bb overlay_strength=\u00bb0.3&#8243; width=\u00bb1\/2&#8243; tablet_width_inherit=\u00bbsmall_desktop\u00bb animation_type=\u00bbdefault\u00bb bg_image_animation=\u00bbnone\u00bb border_type=\u00bbsimple\u00bb column_border_width=\u00bbnone\u00bb column_border_style=\u00bbsolid\u00bb gradient_type=\u00bbdefault\u00bb][team_member image_url=\u00bb680&#8243; bio_alt_image_url=\u00bb639&#8243; team_memeber_style=\u00bbbio_fullscreen_alt\u00bb bio_fullscreen_alt_parallax=\u00bbtrue\u00bb bio_fullscreen_alt_hide_link_arrow=\u00bbtrue\u00bb image_loading=\u00bbdefault\u00bb team_member_bio_full_html=\u00bbhtml\u00bb hide_link_arrow=\u00bbtrue\u00bb name=\u00bbJasmin Brand\u00bb job_position=\u00bbEigent\u00fcmerin\u00bb image_size=\u00bbregular\u00bb social_icon_1=\u00bbfa fa-instagram\u00bb social_link_1=\u00bb#\u00bb social_icon_2=\u00bbfa fa-twitter\u00bb social_link_2=\u00bb#\u00bb]\n<p class=\"font_8\">Nun zu meiner Person und wie ich \u00fcberhaupt zu den Criollos gekommen bin\u2026.<\/p>\n<p class=\"font_8\">Das Reitfieber ist damals vor 30 Jahren ausgeschlagen, da mein Onkel selbst Trainer im Dressur- &amp; Springreiten war. Allerdings wusste ich damals schon, dass ich die kleineren Pferde interessanter fand. Letztendlich wurde mir vor 16 Jahren von einem Bekannten, ein Criollo-Mestizio aus S\u00fcdamerika vorgestellt und meine Liebe zu diesen exotische Pferden war geboren. Nach dem sogenannten Proberitt \u00fcberzeugte mich der kleine schwarze Wallach mit seiner Nervenst\u00e4rke, Trittsicherheit und Ausdauer.<\/p>\n<p class=\"font_8\">So schnell kam ich zu meinem ersten Criollo-Mestizen. In den darauffolgenden Jahren kamen einige weitere Criollos und Mestizen hinzu. Im Jahr 2008 zog ich hobbym\u00e4\u00dfig mein erstes Fohlen.<\/p>\n<p class=\"font_8\"><span class=\"wixGuard\">\u200b<\/span>2015 meldete ich schlie\u00dflich meine Landwirtschaft an, kaufte meinen ersten Traktor, ein Mulchger\u00e4t und beschloss, mein Hobby zu meinem Lebenstraum zu verwirklichen. <span class=\"wixGuard\">\u200b<\/span>Im Jahr 2016\/2017 beschloss ich meine Cruzados und Mestizen zu verkaufen, um mir einen reinen Criollo-Stutenstamm aufzubauen. Im September 2017 durfte ich zum ersten Mal bei einer Fohlenschau dabei sein und beide vorstelligen Fohlen wurden pr\u00e4miert. Unser Zuchthengst wurde 2015 in Aalsfeld vorgestellt und gek\u00f6rt. <span class=\"wixGuard\">\u200b<\/span>Meine Liebe und Faszination gilt unseren Pferden und ich bin froh, dass diese au\u00dfergew\u00f6hnlichen Wesen einen festen Platz in meinem Leben eingenommen haben.<\/p>\n[\/team_member][\/vc_column_inner][vc_column_inner column_padding=\u00bbno-extra-padding\u00bb column_padding_tablet=\u00bbinherit\u00bb column_padding_phone=\u00bbinherit\u00bb column_padding_position=\u00bball\u00bb column_element_direction_desktop=\u00bbdefault\u00bb column_element_spacing=\u00bbdefault\u00bb desktop_text_alignment=\u00bbdefault\u00bb tablet_text_alignment=\u00bbdefault\u00bb phone_text_alignment=\u00bbdefault\u00bb background_color_opacity=\u00bb1&#8243; background_hover_color_opacity=\u00bb1&#8243; column_backdrop_filter=\u00bbnone\u00bb column_shadow=\u00bbnone\u00bb column_border_radius=\u00bbnone\u00bb column_link_target=\u00bb_self\u00bb overflow=\u00bbvisible\u00bb advanced_gradient_angle=\u00bb0&#8243; gradient_direction=\u00bbleft_to_right\u00bb overlay_strength=\u00bb0.3&#8243; width=\u00bb1\/2&#8243; tablet_width_inherit=\u00bbsmall_desktop\u00bb animation_type=\u00bbdefault\u00bb bg_image_animation=\u00bbnone\u00bb border_type=\u00bbsimple\u00bb column_border_width=\u00bbnone\u00bb column_border_style=\u00bbsolid\u00bb gradient_type=\u00bbdefault\u00bb][team_member image_url=\u00bbhttps:\/\/source.unsplash.com\/IF9TK5Uy-KI\/600&#215;600&#8243; bio_alt_image_url=\u00bbhttps:\/\/source.unsplash.com\/IF9TK5Uy-KI\/600&#215;600&#8243; team_memeber_style=\u00bbbio_fullscreen_alt\u00bb bio_fullscreen_alt_parallax=\u00bbtrue\u00bb bio_fullscreen_alt_hide_link_arrow=\u00bbtrue\u00bb image_loading=\u00bbdefault\u00bb team_member_bio_full_html=\u00bbhtml\u00bb hide_link_arrow=\u00bbtrue\u00bb name=\u00bbAlexa Schmid\u00bb job_position=\u00bbTrainerin \/ Verwaltung\u00bb image_size=\u00bbregular\u00bb social_icon_1=\u00bbfa fa-facebook\u00bb social_link_1=\u00bb#\u00bb social_icon_2=\u00bbfa fa-envelope\u00bb social_link_2=\u00bb#\u00bb]Consectetur adipiscing elit. Etiam id mi faucibus, malesuada quam eget, facilisis turpis. Quisque ac purus erat.Donec id pharetra tellus, vitae vehicula dolor. Aenean leo lorem, tempor vel mauris in, interdum fringilla erat.<\/p>\n<p>Nam auctor sodales dapibus. Ut et nibh sed neque lobortis mollis. Cras mauris tellus, ornare sed vestibulum eu, sagittis vitae justo. Vivamus pellentesque augue in orci commodo dignissim. Fusce id mi lacus.<\/p>\n<p>Nullam ultricies mollis lorem, ac gravida diam pretium eget. Ut porttitor scelerisque lacus, a fringilla felis blandit sed.[\/team_member][\/vc_column_inner][\/vc_row_inner][vc_row_inner column_margin=\u00bb30px\u00bb column_direction=\u00bbdefault\u00bb column_direction_tablet=\u00bbdefault\u00bb column_direction_phone=\u00bbdefault\u00bb text_align=\u00bbleft\u00bb row_position=\u00bbdefault\u00bb row_position_tablet=\u00bbinherit\u00bb row_position_phone=\u00bbinherit\u00bb overflow=\u00bbvisible\u00bb pointer_events=\u00bball\u00bb css=\u00bb.vc_custom_1634415872169{margin-bottom: 0px !important;}\u00bb][vc_column_inner column_padding=\u00bbno-extra-padding\u00bb column_padding_tablet=\u00bbinherit\u00bb column_padding_phone=\u00bbinherit\u00bb column_padding_position=\u00bball\u00bb column_element_direction_desktop=\u00bbdefault\u00bb column_element_spacing=\u00bbdefault\u00bb desktop_text_alignment=\u00bbdefault\u00bb tablet_text_alignment=\u00bbdefault\u00bb phone_text_alignment=\u00bbdefault\u00bb background_color_opacity=\u00bb1&#8243; background_hover_color_opacity=\u00bb1&#8243; column_backdrop_filter=\u00bbnone\u00bb column_shadow=\u00bbnone\u00bb column_border_radius=\u00bbnone\u00bb column_link_target=\u00bb_self\u00bb overflow=\u00bbvisible\u00bb advanced_gradient_angle=\u00bb0&#8243; gradient_direction=\u00bbleft_to_right\u00bb overlay_strength=\u00bb0.3&#8243; width=\u00bb1\/3&#8243; tablet_width_inherit=\u00bbsmall_desktop\u00bb animation_type=\u00bbdefault\u00bb bg_image_animation=\u00bbnone\u00bb border_type=\u00bbsimple\u00bb column_border_width=\u00bbnone\u00bb column_border_style=\u00bbsolid\u00bb gradient_type=\u00bbdefault\u00bb][team_member image_url=\u00bbhttps:\/\/source.unsplash.com\/6anudmpILw4\/600&#215;600&#8243; bio_alt_image_url=\u00bbhttps:\/\/source.unsplash.com\/6anudmpILw4\/600&#215;600&#8243; team_memeber_style=\u00bbbio_fullscreen_alt\u00bb bio_fullscreen_alt_parallax=\u00bbtrue\u00bb bio_fullscreen_alt_hide_link_arrow=\u00bbtrue\u00bb image_loading=\u00bbdefault\u00bb team_member_bio_full_html=\u00bbhtml\u00bb hide_link_arrow=\u00bbtrue\u00bb name=\u00bbJose Cara\u00bb job_position=\u00bbTrainer\u00bb image_size=\u00bbregular\u00bb social_icon_1=\u00bbfa fa-facebook\u00bb social_link_1=\u00bb#\u00bb social_icon_2=\u00bbfa fa-instagram\u00bb social_link_2=\u00bb#\u00bb social_icon_3=\u00bbfa fa-github\u00bb social_link_3=\u00bb#\u00bb]Quisque elit nisl, varius nec ullamcorper eget, egestas vitae mi. Nam hendrerit eros a sagittis tempus. Mauris hendrerit hendrerit consequat. Nunc eget dui pulvinar, auctor neque sed, convallis ipsum. Fusce sagittis, dui a malesuada ullamcorper, nulla dolor interdum ipsum.<\/p>\n<p>Ac condimentum eros lacus vestibulum nunc. Nunc maximus, massa et dictum dictum, risus massa dignissim nisl, at vestibulum ligula ante id metus. Morbi fringilla rhoncus porta.[\/team_member][\/vc_column_inner][vc_column_inner column_padding=\u00bbno-extra-padding\u00bb column_padding_tablet=\u00bbinherit\u00bb column_padding_phone=\u00bbinherit\u00bb column_padding_position=\u00bball\u00bb column_element_direction_desktop=\u00bbdefault\u00bb column_element_spacing=\u00bbdefault\u00bb desktop_text_alignment=\u00bbdefault\u00bb tablet_text_alignment=\u00bbdefault\u00bb phone_text_alignment=\u00bbdefault\u00bb background_color_opacity=\u00bb1&#8243; background_hover_color_opacity=\u00bb1&#8243; column_backdrop_filter=\u00bbnone\u00bb column_shadow=\u00bbnone\u00bb column_border_radius=\u00bbnone\u00bb column_link_target=\u00bb_self\u00bb overflow=\u00bbvisible\u00bb advanced_gradient_angle=\u00bb0&#8243; gradient_direction=\u00bbleft_to_right\u00bb overlay_strength=\u00bb0.3&#8243; width=\u00bb1\/3&#8243; tablet_width_inherit=\u00bbsmall_desktop\u00bb animation_type=\u00bbdefault\u00bb bg_image_animation=\u00bbnone\u00bb border_type=\u00bbsimple\u00bb column_border_width=\u00bbnone\u00bb column_border_style=\u00bbsolid\u00bb gradient_type=\u00bbdefault\u00bb][team_member image_url=\u00bb12&#8243; bio_alt_image_url=\u00bb12&#8243; team_memeber_style=\u00bbbio_fullscreen_alt\u00bb bio_fullscreen_alt_parallax=\u00bbtrue\u00bb bio_fullscreen_alt_hide_link_arrow=\u00bbtrue\u00bb image_loading=\u00bbdefault\u00bb team_member_bio_full_html=\u00bbhtml\u00bb hide_link_arrow=\u00bbtrue\u00bb name=\u00bbNN\u00bb job_position=\u00bbPferdepflege\u00bb image_size=\u00bbregular\u00bb social_icon_1=\u00bbfa fa-instagram\u00bb social_link_1=\u00bb#\u00bb]Etiam nulla velit, pharetra vel leo a, pretium rhoncus eros. Fusce eu hendrerit ipsum, vitae volutpat dui. Nunc eget mi tincidunt, luctus turpis at, pharetra diam. Nam sit amet purus cursus, rhoncus nibh nec, volutpat purus. Orci varius natoque penatibus et magnis dis parturient montes, nascetur ridiculus mus. Vestibulum id iaculis velit, vitae faucibus augue. In quis lectus nisi.[\/team_member][\/vc_column_inner][vc_column_inner column_padding=\u00bbno-extra-padding\u00bb column_padding_tablet=\u00bbinherit\u00bb column_padding_phone=\u00bbinherit\u00bb column_padding_position=\u00bball\u00bb column_element_direction_desktop=\u00bbdefault\u00bb column_element_spacing=\u00bbdefault\u00bb desktop_text_alignment=\u00bbdefault\u00bb tablet_text_alignment=\u00bbdefault\u00bb phone_text_alignment=\u00bbdefault\u00bb background_color_opacity=\u00bb1&#8243; background_hover_color_opacity=\u00bb1&#8243; column_backdrop_filter=\u00bbnone\u00bb column_shadow=\u00bbnone\u00bb column_border_radius=\u00bbnone\u00bb column_link_target=\u00bb_self\u00bb overflow=\u00bbvisible\u00bb advanced_gradient_angle=\u00bb0&#8243; gradient_direction=\u00bbleft_to_right\u00bb overlay_strength=\u00bb0.3&#8243; width=\u00bb1\/3&#8243; tablet_width_inherit=\u00bbsmall_desktop\u00bb animation_type=\u00bbdefault\u00bb bg_image_animation=\u00bbnone\u00bb border_type=\u00bbsimple\u00bb column_border_width=\u00bbnone\u00bb column_border_style=\u00bbsolid\u00bb gradient_type=\u00bbdefault\u00bb][team_member image_url=\u00bb19&#8243; bio_alt_image_url=\u00bb19&#8243; team_memeber_style=\u00bbbio_fullscreen_alt\u00bb bio_fullscreen_alt_parallax=\u00bbtrue\u00bb bio_fullscreen_alt_hide_link_arrow=\u00bbtrue\u00bb image_loading=\u00bbdefault\u00bb team_member_bio_full_html=\u00bbhtml\u00bb hide_link_arrow=\u00bbtrue\u00bb name=\u00bbNN\u00bb job_position=\u00bbPferdepflege\u00bb image_size=\u00bbregular\u00bb social_icon_1=\u00bbfa fa-instagram\u00bb social_link_1=\u00bb#\u00bb]Etiam nulla velit, pharetra vel leo a, pretium rhoncus eros. Fusce eu hendrerit ipsum, vitae volutpat dui. Nunc eget mi tincidunt, luctus turpis at, pharetra diam. Nam sit amet purus cursus, rhoncus nibh nec, volutpat purus. Orci varius natoque penatibus et magnis dis parturient montes, nascetur ridiculus mus. Vestibulum id iaculis velit, vitae faucibus augue. In quis lectus nisi.[\/team_member][\/vc_column_inner][\/vc_row_inner][\/vc_column][\/vc_row][vc_row type=\u00bbfull_width_content\u00bb full_screen_row_position=\u00bbmiddle\u00bb column_margin=\u00bbdefault\u00bb vertically_center_columns=\u00bbtrue\u00bb column_direction=\u00bbdefault\u00bb column_direction_tablet=\u00bbdefault\u00bb column_direction_phone=\u00bbdefault\u00bb bg_color=\u00bb#f4ece2&#8243; scene_position=\u00bbcenter\u00bb text_color=\u00bbdark\u00bb text_align=\u00bbleft\u00bb row_border_radius=\u00bbnone\u00bb row_border_radius_applies=\u00bbbg\u00bb overflow=\u00bbvisible\u00bb overlay_strength=\u00bb0.3&#8243; gradient_direction=\u00bbleft_to_right\u00bb shape_divider_position=\u00bbbottom\u00bb bg_image_animation=\u00bbnone\u00bb gradient_type=\u00bbdefault\u00bb shape_type=\u00bb\u00bb][vc_column column_padding=\u00bbno-extra-padding\u00bb column_padding_tablet=\u00bbinherit\u00bb column_padding_phone=\u00bbinherit\u00bb column_padding_position=\u00bball\u00bb column_element_direction_desktop=\u00bbdefault\u00bb column_element_spacing=\u00bbdefault\u00bb desktop_text_alignment=\u00bbdefault\u00bb tablet_text_alignment=\u00bbdefault\u00bb phone_text_alignment=\u00bbdefault\u00bb background_color_opacity=\u00bb1&#8243; background_hover_color_opacity=\u00bb1&#8243; background_image=\u00bb475&#8243; background_image_position=\u00bbcenter center\u00bb background_image_stacking=\u00bbdefault\u00bb background_image_loading=\u00bbdefault\u00bb column_backdrop_filter=\u00bbnone\u00bb column_shadow=\u00bbnone\u00bb column_border_radius=\u00bbnone\u00bb column_link_target=\u00bb_self\u00bb column_position=\u00bbdefault\u00bb gradient_direction=\u00bbleft_to_right\u00bb overlay_strength=\u00bb0.3&#8243; width=\u00bb1\/2&#8243; tablet_width_inherit=\u00bbdefault\u00bb animation_type=\u00bbdefault\u00bb bg_image_animation=\u00bbnone\u00bb border_type=\u00bbsimple\u00bb column_border_width=\u00bbnone\u00bb column_border_style=\u00bbsolid\u00bb column_padding_type=\u00bbdefault\u00bb gradient_type=\u00bbdefault\u00bb offset=\u00bbvc_hidden-sm vc_hidden-xs\u00bb][\/vc_column][vc_column column_padding=\u00bbpadding-7-percent\u00bb column_padding_tablet=\u00bbinherit\u00bb column_padding_phone=\u00bbinherit\u00bb column_padding_position=\u00bball\u00bb column_element_direction_desktop=\u00bbdefault\u00bb column_element_spacing=\u00bbdefault\u00bb desktop_text_alignment=\u00bbdefault\u00bb tablet_text_alignment=\u00bbdefault\u00bb phone_text_alignment=\u00bbdefault\u00bb background_color_opacity=\u00bb1&#8243; background_hover_color_opacity=\u00bb1&#8243; column_backdrop_filter=\u00bbnone\u00bb column_shadow=\u00bbnone\u00bb column_border_radius=\u00bbnone\u00bb column_link_target=\u00bb_self\u00bb column_position=\u00bbdefault\u00bb gradient_direction=\u00bbleft_to_right\u00bb overlay_strength=\u00bb0.3&#8243; width=\u00bb1\/2&#8243; tablet_width_inherit=\u00bbdefault\u00bb animation_type=\u00bbdefault\u00bb bg_image_animation=\u00bbnone\u00bb border_type=\u00bbsimple\u00bb column_border_width=\u00bbnone\u00bb column_border_style=\u00bbsolid\u00bb][vc_row_inner column_margin=\u00bbdefault\u00bb column_direction=\u00bbdefault\u00bb column_direction_tablet=\u00bbdefault\u00bb column_direction_phone=\u00bbdefault\u00bb text_align=\u00bbleft\u00bb row_position=\u00bbdefault\u00bb row_position_tablet=\u00bbinherit\u00bb row_position_phone=\u00bbinherit\u00bb overflow=\u00bbvisible\u00bb pointer_events=\u00bball\u00bb][vc_column_inner column_padding=\u00bbno-extra-padding\u00bb column_padding_tablet=\u00bbinherit\u00bb column_padding_phone=\u00bbinherit\u00bb column_padding_position=\u00bball\u00bb column_element_direction_desktop=\u00bbdefault\u00bb column_element_spacing=\u00bbdefault\u00bb desktop_text_alignment=\u00bbdefault\u00bb tablet_text_alignment=\u00bbdefault\u00bb phone_text_alignment=\u00bbdefault\u00bb background_color_opacity=\u00bb1&#8243; background_hover_color_opacity=\u00bb1&#8243; column_backdrop_filter=\u00bbnone\u00bb column_shadow=\u00bbnone\u00bb column_border_radius=\u00bbnone\u00bb column_link_target=\u00bb_self\u00bb overflow=\u00bbvisible\u00bb gradient_direction=\u00bbleft_to_right\u00bb overlay_strength=\u00bb0.3&#8243; width=\u00bb1\/1&#8243; tablet_width_inherit=\u00bbdefault\u00bb animation_type=\u00bbdefault\u00bb bg_image_animation=\u00bbnone\u00bb border_type=\u00bbsimple\u00bb column_border_width=\u00bbnone\u00bb column_border_style=\u00bbsolid\u00bb column_padding_type=\u00bbdefault\u00bb gradient_type=\u00bbdefault\u00bb offset=\u00bbvc_hidden-lg vc_hidden-md\u00bb][image_with_animation image_url=\u00bb475&#8243; image_size=\u00bbfull\u00bb animation_type=\u00bbentrance\u00bb animation=\u00bbNone\u00bb animation_movement_type=\u00bbtransform_y\u00bb hover_animation=\u00bbnone\u00bb alignment=\u00bb\u00bb border_radius=\u00bbnone\u00bb box_shadow=\u00bbnone\u00bb image_loading=\u00bbdefault\u00bb max_width=\u00bb100%\u00bb max_width_mobile=\u00bbdefault\u00bb][\/vc_column_inner][\/vc_row_inner][vc_column_text]\n<h1>Jasmin Brand<\/h1>\n[\/vc_column_text][divider line_type=\u00bbNo Line\u00bb custom_height=\u00bb20&#8243;][vc_column_text css=\u00bb\u00bb text_direction=\u00bbdefault\u00bb]Mi familia y yo vivimos con nuestros criollos en el tranquilo pueblo de Heimbuchenthal. Este hermoso pueblo se encuentra en la parte alta del valle de Elsava, en medio del Parque Natural de Spessart, por lo que ofrece las rutas de senderismo y equitaci\u00f3n m\u00e1s maravillosas.<\/p>\n<p>C\u00f3mo empez\u00f3 todo:<br \/>\nMe pic\u00f3 el gusanillo de la equitaci\u00f3n hace m\u00e1s de 30 a\u00f1os, ya que mi t\u00edo era profesor de doma cl\u00e1sica y salto de obst\u00e1culos. Sin embargo, ya entonces sab\u00eda que los caballos m\u00e1s peque\u00f1os me parec\u00edan m\u00e1s interesantes. Finalmente, hace casi 20 a\u00f1os, un conocido me present\u00f3 un Criollo-Mestizo de Sudam\u00e9rica. R\u00e1pidamente conoc\u00ed esta raza especial de caballos y sent\u00ed curiosidad. Tras un paseo de prueba, el peque\u00f1o caballo castrado negro me impresion\u00f3 por sus nervios, su seguridad y su resistencia. R\u00e1pidamente adquir\u00ed mi primer Criollo-Mestizo.<\/p>\n<p>En los a\u00f1os siguientes, se a\u00f1adieron algunos Criollos y Mestizos m\u00e1s. En 2008, cri\u00e9 mi primer potro como hobby.<\/p>\n<p>En 2015, finalmente registr\u00e9 mi granja, compr\u00e9 mi primer tractor y una trituradora y decid\u00ed convertir mi afici\u00f3n en el sue\u00f1o de mi vida.<\/p>\n<p>En 2016\/2017, decid\u00ed vender mis Cruzados y Mestizos para construir una l\u00ednea de yeguas de pura raza. En septiembre de 2017, pude asistir por primera vez a una exposici\u00f3n de potros y los dos potros presentados fueron premiados. Nuestro semental fue presentado y licenciado en Aalsfeld en 2015. En 2022, pude enriquecer mi programa de cr\u00eda con otro semental especial.<\/p>\n<p>Hoy &#8230;<br \/>\nCr\u00edo profesionalmente seg\u00fan los est\u00e1ndares de raza sudamericanos exclusivamente Criollos de pura raza (Criollo definitivo). Importar regularmente reproductores adecuados de Sudam\u00e9rica es para m\u00ed algo natural. Esto me permite ampliar mi criadero y disfrutar de otros 6-8 potros cada a\u00f1o. El \u00e9xito me da la raz\u00f3n: hasta ahora s\u00f3lo han nacido cr\u00edas sanas, robustas y orientadas a las personas. \u00a1Pura alegr\u00eda![\/vc_column_text][\/vc_column][\/vc_row]\n","protected":false},"excerpt":{"rendered":"<p>[vc_row type=\u00bbfull_width_content\u00bb full_screen_row_position=\u00bbmiddle\u00bb column_margin=\u00bbdefault\u00bb column_direction=\u00bbdefault\u00bb column_direction_tablet=\u00bbdefault\u00bb column_direction_phone=\u00bbdefault\u00bb scene_position=\u00bbcenter\u00bb top_padding=\u00bb5%\u00bb bottom_padding=\u00bb5%\u00bb left_padding_desktop=\u00bb6%\u00bb constrain_group_2=\u00bbyes\u00bb right_padding_desktop=\u00bb6%\u00bb top_padding_tablet=\u00bb10%\u00bb constrain_group_3=\u00bbyes\u00bb bottom_padding_tablet=\u00bb10%\u00bb text_color=\u00bbdark\u00bb text_align=\u00bbleft\u00bb&#8230;<\/p>\n","protected":false},"author":1,"featured_media":0,"parent":0,"menu_order":0,"comment_status":"closed","ping_status":"closed","template":"","meta":{"footnotes":""},"class_list":["post-8726","page","type-page","status-publish"],"yoast_head":"<!-- This site is optimized with the Yoast SEO plugin v27.4 - https:\/\/yoast.com\/product\/yoast-seo-wordpress\/ -->\n<title>Quienes somos | La Presencia Criollos<\/title>\n<meta name=\"description\" content=\"Mi familia y yo vivimos con nuestros criollos en el tranquilo pueblo de Heimbuchenthal. Este hermoso pueblo se encuentra en la parte alta del valle de Elsava, en medio del Parque Natural de Spessart, por lo que ofrece las rutas de senderismo y equitaci\u00f3n m\u00e1s maravillosas.\" \/>\n<meta name=\"robots\" content=\"index, follow, max-snippet:-1, max-image-preview:large, max-video-preview:-1\" \/>\n<link rel=\"canonical\" href=\"https:\/\/lapresencia-criollos.com\/es\/quienes-somos\/\" \/>\n<meta property=\"og:locale\" content=\"es_ES\" \/>\n<meta property=\"og:type\" content=\"article\" \/>\n<meta property=\"og:title\" content=\"Quienes somos | La Presencia Criollos\" \/>\n<meta property=\"og:description\" content=\"Mi familia y yo vivimos con nuestros criollos en el tranquilo pueblo de Heimbuchenthal. Este hermoso pueblo se encuentra en la parte alta del valle de Elsava, en medio del Parque Natural de Spessart, por lo que ofrece las rutas de senderismo y equitaci\u00f3n m\u00e1s maravillosas.\" \/>\n<meta property=\"og:url\" content=\"https:\/\/lapresencia-criollos.com\/es\/quienes-somos\/\" \/>\n<meta property=\"og:site_name\" content=\"La Presencia Criollos\" \/>\n<meta property=\"article:publisher\" content=\"https:\/\/www.facebook.com\/people\/Criollos-La-Presencia\/100063547422222\/\" \/>\n<meta property=\"article:modified_time\" content=\"2024-08-29T13:01:34+00:00\" \/>\n<meta property=\"og:image\" content=\"https:\/\/lapresencia-criollos.com\/wp-content\/uploads\/2023\/01\/La-Princesa2.webp\" \/>\n\t<meta property=\"og:image:width\" content=\"1716\" \/>\n\t<meta property=\"og:image:height\" content=\"1144\" \/>\n\t<meta property=\"og:image:type\" content=\"image\/webp\" \/>\n<meta name=\"twitter:card\" content=\"summary_large_image\" \/>\n<meta name=\"twitter:label1\" content=\"Tiempo de lectura\" \/>\n\t<meta name=\"twitter:data1\" content=\"10 minutos\" \/>\n<script type=\"application\/ld+json\" class=\"yoast-schema-graph\">{\"@context\":\"https:\\\/\\\/schema.org\",\"@graph\":[{\"@type\":\"WebPage\",\"@id\":\"https:\\\/\\\/lapresencia-criollos.com\\\/es\\\/quienes-somos\\\/\",\"url\":\"https:\\\/\\\/lapresencia-criollos.com\\\/es\\\/quienes-somos\\\/\",\"name\":\"Quienes somos | La Presencia Criollos\",\"isPartOf\":{\"@id\":\"https:\\\/\\\/lapresencia-criollos.com\\\/es\\\/#website\"},\"datePublished\":\"2023-02-03T11:43:39+00:00\",\"dateModified\":\"2024-08-29T13:01:34+00:00\",\"description\":\"Mi familia y yo vivimos con nuestros criollos en el tranquilo pueblo de Heimbuchenthal. Este hermoso pueblo se encuentra en la parte alta del valle de Elsava, en medio del Parque Natural de Spessart, por lo que ofrece las rutas de senderismo y equitaci\u00f3n m\u00e1s maravillosas.\",\"breadcrumb\":{\"@id\":\"https:\\\/\\\/lapresencia-criollos.com\\\/es\\\/quienes-somos\\\/#breadcrumb\"},\"inLanguage\":\"es\",\"potentialAction\":[{\"@type\":\"ReadAction\",\"target\":[\"https:\\\/\\\/lapresencia-criollos.com\\\/es\\\/quienes-somos\\\/\"]}]},{\"@type\":\"BreadcrumbList\",\"@id\":\"https:\\\/\\\/lapresencia-criollos.com\\\/es\\\/quienes-somos\\\/#breadcrumb\",\"itemListElement\":[{\"@type\":\"ListItem\",\"position\":1,\"name\":\"Startseite\",\"item\":\"https:\\\/\\\/lapresencia-criollos.com\\\/es\\\/\"},{\"@type\":\"ListItem\",\"position\":2,\"name\":\"Quienes somos\"}]},{\"@type\":\"WebSite\",\"@id\":\"https:\\\/\\\/lapresencia-criollos.com\\\/es\\\/#website\",\"url\":\"https:\\\/\\\/lapresencia-criollos.com\\\/es\\\/\",\"name\":\"La Presencia Criollos\",\"description\":\"Jasmin Brand Gest\u00fct und Criollo-Zucht, Pensionsst\u00e4lle\",\"publisher\":{\"@id\":\"https:\\\/\\\/lapresencia-criollos.com\\\/es\\\/#organization\"},\"alternateName\":\"Gest\u00fct Jasmin Brand | Criollo Definitivo\",\"potentialAction\":[{\"@type\":\"SearchAction\",\"target\":{\"@type\":\"EntryPoint\",\"urlTemplate\":\"https:\\\/\\\/lapresencia-criollos.com\\\/es\\\/?s={search_term_string}\"},\"query-input\":{\"@type\":\"PropertyValueSpecification\",\"valueRequired\":true,\"valueName\":\"search_term_string\"}}],\"inLanguage\":\"es\"},{\"@type\":\"Organization\",\"@id\":\"https:\\\/\\\/lapresencia-criollos.com\\\/es\\\/#organization\",\"name\":\"La Presencia Criollos | Gest\u00fct Jasmin Brand\",\"alternateName\":\"Criollo-Zucht | Pensionsst\u00e4lle | Pferde-Pension im Spessart\",\"url\":\"https:\\\/\\\/lapresencia-criollos.com\\\/es\\\/\",\"logo\":{\"@type\":\"ImageObject\",\"inLanguage\":\"es\",\"@id\":\"https:\\\/\\\/lapresencia-criollos.com\\\/es\\\/#\\\/schema\\\/logo\\\/image\\\/\",\"url\":\"https:\\\/\\\/lapresencia-criollos.com\\\/wp-content\\\/uploads\\\/2023\\\/01\\\/FIN_JBrand_Logo2022-500.png\",\"contentUrl\":\"https:\\\/\\\/lapresencia-criollos.com\\\/wp-content\\\/uploads\\\/2023\\\/01\\\/FIN_JBrand_Logo2022-500.png\",\"width\":500,\"height\":396,\"caption\":\"La Presencia Criollos | Gest\u00fct Jasmin Brand\"},\"image\":{\"@id\":\"https:\\\/\\\/lapresencia-criollos.com\\\/es\\\/#\\\/schema\\\/logo\\\/image\\\/\"},\"sameAs\":[\"https:\\\/\\\/www.facebook.com\\\/people\\\/Criollos-La-Presencia\\\/100063547422222\\\/\",\"https:\\\/\\\/instagram.com\\\/gaucholine82?igshid=YmMyMTA2M2Y=\"]}]}<\/script>\n<!-- \/ Yoast SEO plugin. -->","yoast_head_json":{"title":"Quienes somos | La Presencia Criollos","description":"Mi familia y yo vivimos con nuestros criollos en el tranquilo pueblo de Heimbuchenthal. Este hermoso pueblo se encuentra en la parte alta del valle de Elsava, en medio del Parque Natural de Spessart, por lo que ofrece las rutas de senderismo y equitaci\u00f3n m\u00e1s maravillosas.","robots":{"index":"index","follow":"follow","max-snippet":"max-snippet:-1","max-image-preview":"max-image-preview:large","max-video-preview":"max-video-preview:-1"},"canonical":"https:\/\/lapresencia-criollos.com\/es\/quienes-somos\/","og_locale":"es_ES","og_type":"article","og_title":"Quienes somos | La Presencia Criollos","og_description":"Mi familia y yo vivimos con nuestros criollos en el tranquilo pueblo de Heimbuchenthal. Este hermoso pueblo se encuentra en la parte alta del valle de Elsava, en medio del Parque Natural de Spessart, por lo que ofrece las rutas de senderismo y equitaci\u00f3n m\u00e1s maravillosas.","og_url":"https:\/\/lapresencia-criollos.com\/es\/quienes-somos\/","og_site_name":"La Presencia Criollos","article_publisher":"https:\/\/www.facebook.com\/people\/Criollos-La-Presencia\/100063547422222\/","article_modified_time":"2024-08-29T13:01:34+00:00","og_image":[{"width":1716,"height":1144,"url":"https:\/\/lapresencia-criollos.com\/wp-content\/uploads\/2023\/01\/La-Princesa2.webp","type":"image\/webp"}],"twitter_card":"summary_large_image","twitter_misc":{"Tiempo de lectura":"10 minutos"},"schema":{"@context":"https:\/\/schema.org","@graph":[{"@type":"WebPage","@id":"https:\/\/lapresencia-criollos.com\/es\/quienes-somos\/","url":"https:\/\/lapresencia-criollos.com\/es\/quienes-somos\/","name":"Quienes somos | La Presencia Criollos","isPartOf":{"@id":"https:\/\/lapresencia-criollos.com\/es\/#website"},"datePublished":"2023-02-03T11:43:39+00:00","dateModified":"2024-08-29T13:01:34+00:00","description":"Mi familia y yo vivimos con nuestros criollos en el tranquilo pueblo de Heimbuchenthal. Este hermoso pueblo se encuentra en la parte alta del valle de Elsava, en medio del Parque Natural de Spessart, por lo que ofrece las rutas de senderismo y equitaci\u00f3n m\u00e1s maravillosas.","breadcrumb":{"@id":"https:\/\/lapresencia-criollos.com\/es\/quienes-somos\/#breadcrumb"},"inLanguage":"es","potentialAction":[{"@type":"ReadAction","target":["https:\/\/lapresencia-criollos.com\/es\/quienes-somos\/"]}]},{"@type":"BreadcrumbList","@id":"https:\/\/lapresencia-criollos.com\/es\/quienes-somos\/#breadcrumb","itemListElement":[{"@type":"ListItem","position":1,"name":"Startseite","item":"https:\/\/lapresencia-criollos.com\/es\/"},{"@type":"ListItem","position":2,"name":"Quienes somos"}]},{"@type":"WebSite","@id":"https:\/\/lapresencia-criollos.com\/es\/#website","url":"https:\/\/lapresencia-criollos.com\/es\/","name":"La Presencia Criollos","description":"Jasmin Brand Gest\u00fct und Criollo-Zucht, Pensionsst\u00e4lle","publisher":{"@id":"https:\/\/lapresencia-criollos.com\/es\/#organization"},"alternateName":"Gest\u00fct Jasmin Brand | Criollo Definitivo","potentialAction":[{"@type":"SearchAction","target":{"@type":"EntryPoint","urlTemplate":"https:\/\/lapresencia-criollos.com\/es\/?s={search_term_string}"},"query-input":{"@type":"PropertyValueSpecification","valueRequired":true,"valueName":"search_term_string"}}],"inLanguage":"es"},{"@type":"Organization","@id":"https:\/\/lapresencia-criollos.com\/es\/#organization","name":"La Presencia Criollos | Gest\u00fct Jasmin Brand","alternateName":"Criollo-Zucht | Pensionsst\u00e4lle | Pferde-Pension im Spessart","url":"https:\/\/lapresencia-criollos.com\/es\/","logo":{"@type":"ImageObject","inLanguage":"es","@id":"https:\/\/lapresencia-criollos.com\/es\/#\/schema\/logo\/image\/","url":"https:\/\/lapresencia-criollos.com\/wp-content\/uploads\/2023\/01\/FIN_JBrand_Logo2022-500.png","contentUrl":"https:\/\/lapresencia-criollos.com\/wp-content\/uploads\/2023\/01\/FIN_JBrand_Logo2022-500.png","width":500,"height":396,"caption":"La Presencia Criollos | Gest\u00fct Jasmin Brand"},"image":{"@id":"https:\/\/lapresencia-criollos.com\/es\/#\/schema\/logo\/image\/"},"sameAs":["https:\/\/www.facebook.com\/people\/Criollos-La-Presencia\/100063547422222\/","https:\/\/instagram.com\/gaucholine82?igshid=YmMyMTA2M2Y="]}]}},"_links":{"self":[{"href":"https:\/\/lapresencia-criollos.com\/es\/wp-json\/wp\/v2\/pages\/8726","targetHints":{"allow":["GET"]}}],"collection":[{"href":"https:\/\/lapresencia-criollos.com\/es\/wp-json\/wp\/v2\/pages"}],"about":[{"href":"https:\/\/lapresencia-criollos.com\/es\/wp-json\/wp\/v2\/types\/page"}],"author":[{"embeddable":true,"href":"https:\/\/lapresencia-criollos.com\/es\/wp-json\/wp\/v2\/users\/1"}],"replies":[{"embeddable":true,"href":"https:\/\/lapresencia-criollos.com\/es\/wp-json\/wp\/v2\/comments?post=8726"}],"version-history":[{"count":2,"href":"https:\/\/lapresencia-criollos.com\/es\/wp-json\/wp\/v2\/pages\/8726\/revisions"}],"predecessor-version":[{"id":8727,"href":"https:\/\/lapresencia-criollos.com\/es\/wp-json\/wp\/v2\/pages\/8726\/revisions\/8727"}],"wp:attachment":[{"href":"https:\/\/lapresencia-criollos.com\/es\/wp-json\/wp\/v2\/media?parent=8726"}],"curies":[{"name":"wp","href":"https:\/\/api.w.org\/{rel}","templated":true}]}}